{"id":1001,"date":"2023-10-27T22:57:56","date_gmt":"2023-10-27T22:57:56","guid":{"rendered":"https:\/\/placegar.dev.maidot.pt\/park\/ope-campus-justica\/"},"modified":"2026-04-26T00:00:07","modified_gmt":"2026-04-25T23:00:07","slug":"ope-campus-justica","status":"publish","type":"park","link":"https:\/\/placegar.dev.maidot.pt\/en\/park\/ope-campus-justica\/","title":{"rendered":"OPE | CAMPUS JUSTI\u00c7A"},"content":{"rendered":"<p>Covered public car park, located in the northern area of Parque das Na\u00e7\u00f5es, in Lisbon's \"Campus de Justi\u00e7a\" complex, with direct access to the Supercor supermarket and 200 metres from FIL and Altice Arena. Very close to Oriente Station and the Lisbon Metro - Red Line (access to Lisbon International Airport).<\/p>","protected":false},"featured_media":1230,"template":"","meta":{"ID_Parque":["3"],"id_Empresa":["1"],"Nome":["OPE | CAMPUS JUSTI\u00c7A "],"NomeCurto":["OPE"],"Sigla":["OPE"],"Morada":["Av. D. Jo\u00e3o II - Lote 1.08 e 1,09, Parque das Na\u00e7\u00f5es 1990-203 Lisboa"],"Telefone":["+351 911 503 166"],"Fax":[""],"Email":["cjustica.lisboa@placegar.com"],"GPS_NS":["38.77345"],"GPS_EO":["-9.096336"],"TipoParque":["Parque subterr\u00e2neo"],"Pisos":["3"],"Lugares":["4490"],"Area":["0"],"Entradas":["4"],"Saidas":["5"],"AlturaMax":["2"],"Deficientes":["1"],"CCTV":["1"],"LPR":["1"],"GuideIN":[""],"CarregamentoEletrico":["1"],"ViaVerde":["1"],"CPAs":["8"],"CPMs":["1"],"MBsCPAs":["2"],"Horario":["Dias \u00fateis das 07h-23h. S\u00e1bados, domingos e feriados das 08h-23h"],"Centralizado":["1"],"PresencaFuncionario":["3"],"Avencas":["1"],"ValorCartao":["5"],"Lockers":["1"],"Lavagens":["1"],"MB":["1"],"MaxDiario":["25"],"DiarioPrePago":["30"],"Hora1":["2"],"GPS":["38.77345,-9.096336"],"LinkMaps":["https:\/\/www.google.com\/maps\/dir\/\/OPE+Campus+de+Justi%C3%A7a,+Alameda+dos+Oceanos+1341,+1990-094+Lisboa\/@38.7732764,-9.0939824,16z\/data=!4m16!1m6!3m5!1s0xd19318956fbf95f:0x4ababa5026e47df1!2sOPE+Campus+de+Justi%C3%A7a!8m2!3d38.7735552!4d-9.0955788!4m8!1m0!1m5!1m1!1s0xd19318956fbf95f:0x4ababa5026e47df1!2m2!1d-9.0955788!2d38.7735552!3e2"],"Valor15minutos":["0.5"],"ParqueSemBilhete":[""],"_edit_lock":["1711963989:2"],"_thumbnail_id":["1230"],"_edit_last":["2"],"_wpnonce":["b4c9685bd7"],"_wp_http_referer":["\/wp-admin\/post.php?post=1001&action=edit"],"user_ID":["2"],"action":["editpost"],"originalaction":["editpost"],"post_type":["park"],"original_post_status":["publish"],"referredby":["https:\/\/placegar.dev.maidot.pt\/park\/ope-campus-justica\/"],"_wp_original_http_referer":["https:\/\/placegar.dev.maidot.pt\/park\/ope-campus-justica\/"],"post_ID":["1001"],"meta-box-order-nonce":["c636cdc59e"],"closedpostboxesnonce":["af3d31fe98"],"samplepermalinknonce":["77d9fad952"],"joinchat_nonce":["1bde73e429"],"joinchat_telephone":[""],"joinchat_message":[""],"joinchat_message_send":[""],"joinchat_view":[""],"PontosInteresse":[""],"wpgmp_metabox_location":[""],"wpgmp_metabox_location_hidden":[""],"wpgmp_metabox_location_city":[""],"wpgmp_metabox_location_state":[""],"wpgmp_metabox_location_country":[""],"wpgmp_metabox_latitude":[""],"wpgmp_metabox_longitude":[""],"wpgmp_metabox_location_redirect":["marker"],"wpgmp_metabox_custom_link":[""],"wpgmp_hidden_flag":["true"],"post_mime_type":[""],"ID":["1001"],"post_author":["2"],"post_status":["publish"],"comment_status":["closed"],"ping_status":["closed"],"_wpgmp_location_address":[""],"_wpgmp_location_city":[""],"_wpgmp_location_state":[""],"_wpgmp_location_country":[""],"_wpgmp_metabox_latitude":[""],"_wpgmp_metabox_longitude":[""],"_wpgmp_metabox_location_redirect":["marker"],"_wpgmp_metabox_custom_link":[""],"_wpgmp_map_id":[""],"_wpgmp_metabox_marker_id":[""],"_wpgmp_metabox_taxomomies_terms":[""],"_wpgmp_extensions_fields":[""],"title_first_letter":["O"],"LocalArea":["Lisboa"],"LocalZona":["Parque das Na\u00e7\u00f5es"],"AvencasDesde":["60"],"AvencaDestaqueTxt":["Diurna 08h-20h"],"AvencaDestaqueValor":["70"]},"park_category":[],"class_list":["post-1001","park","type-park","status-publish","has-post-thumbnail","hentry"],"featured_image_url":"https:\/\/placegar.dev.maidot.pt\/wp-content\/uploads\/2023\/10\/Placegar_106-150x150.jpg","_links":{"self":[{"href":"https:\/\/placegar.dev.maidot.pt\/en\/wp-json\/wp\/v2\/park\/1001","targetHints":{"allow":["GET"]}}],"collection":[{"href":"https:\/\/placegar.dev.maidot.pt\/en\/wp-json\/wp\/v2\/park"}],"about":[{"href":"https:\/\/placegar.dev.maidot.pt\/en\/wp-json\/wp\/v2\/types\/park"}],"wp:featuredmedia":[{"embeddable":true,"href":"https:\/\/placegar.dev.maidot.pt\/en\/wp-json\/wp\/v2\/media\/1230"}],"wp:attachment":[{"href":"https:\/\/placegar.dev.maidot.pt\/en\/wp-json\/wp\/v2\/media?parent=1001"}],"wp:term":[{"taxonomy":"park_category","embeddable":true,"href":"https:\/\/placegar.dev.maidot.pt\/en\/wp-json\/wp\/v2\/park_category?post=1001"}],"curies":[{"name":"wp","href":"https:\/\/api.w.org\/{rel}","templated":true}]}}